{"id":231,"date":"2014-08-25T20:05:08","date_gmt":"2014-08-25T19:05:08","guid":{"rendered":"http:\/\/www.iciela.org\/wp\/?page_id=231"},"modified":"2024-05-07T01:56:05","modified_gmt":"2024-05-07T05:56:05","slug":"approche-innovante","status":"publish","type":"page","link":"http:\/\/www.iciela.org\/wp\/approche-innovante\/","title":{"rendered":"L&rsquo;approche novatrice Ici\u00e9la"},"content":{"rendered":"<p>[et_pb_section fb_built=\u00a0\u00bb1&Prime; admin_label=\u00a0\u00bbsection\u00a0\u00bb _builder_version=\u00a0\u00bb4.16&Prime; transparent_background=\u00a0\u00bboff\u00a0\u00bb make_fullwidth=\u00a0\u00bboff\u00a0\u00bb use_custom_width=\u00a0\u00bboff\u00a0\u00bb width_unit=\u00a0\u00bboff\u00a0\u00bb custom_width_px=\u00a0\u00bb1080px\u00a0\u00bb custom_width_percent=\u00a0\u00bb80%\u00a0\u00bb global_colors_info=\u00a0\u00bb{}\u00a0\u00bb][et_pb_row admin_label=\u00a0\u00bbrow\u00a0\u00bb _builder_version=\u00a0\u00bb4.16&Prime; background_size=\u00a0\u00bbinitial\u00a0\u00bb background_position=\u00a0\u00bbtop_left\u00a0\u00bb background_repeat=\u00a0\u00bbrepeat\u00a0\u00bb make_fullwidth=\u00a0\u00bboff\u00a0\u00bb use_custom_width=\u00a0\u00bboff\u00a0\u00bb width_unit=\u00a0\u00bboff\u00a0\u00bb custom_width_px=\u00a0\u00bb1080px\u00a0\u00bb custom_width_percent=\u00a0\u00bb80%\u00a0\u00bb global_colors_info=\u00a0\u00bb{}\u00a0\u00bb column_structure=\u00a0\u00bb2_3,1_3&Prime;][et_pb_column type=\u00a0\u00bb2_3&Prime; _builder_version=\u00a0\u00bb4.16&Prime; custom_padding=\u00a0\u00bb|||\u00a0\u00bb global_colors_info=\u00a0\u00bb{}\u00a0\u00bb custom_padding__hover=\u00a0\u00bb|||\u00a0\u00bb][et_pb_text admin_label=\u00a0\u00bbText\u00a0\u00bb _builder_version=\u00a0\u00bb4.16&Prime; background_size=\u00a0\u00bbinitial\u00a0\u00bb background_position=\u00a0\u00bbtop_left\u00a0\u00bb background_repeat=\u00a0\u00bbrepeat\u00a0\u00bb use_border_color=\u00a0\u00bboff\u00a0\u00bb border_style=\u00a0\u00bbsolid\u00a0\u00bb global_colors_info=\u00a0\u00bb{}\u00a0\u00bb]<\/p>\n<p style=\"font-size: 18px; color: #b4e85c; text-align: justify;\"><span style=\"color: #000000;\"><strong>UNE APPROCHE NOVATRICE<\/strong><\/span><\/p>\n<p style=\"font-size: 14px; color: #b4e85c; text-align: justify;\"><span style=\"color: #515151;\"><strong>POURQUOI UNE APPROCHE NOVATRICE?<\/strong><\/span><\/p>\n<p style=\"text-align: justify;\">Ici\u00e9la se distingue des autres structures enti\u00e8rement b\u00e9n\u00e9voles par son souci de l&rsquo;inclusion et de la participation des membres et des partenaires en tant que fondements de l&rsquo;organisation. L&rsquo;implication au sein de l&rsquo;organisation permet de retirer plus que la participation aux projets et activit\u00e9s : elle permet une r\u00e9elle exp\u00e9rience du dialogue interculturel et de l&rsquo;engagement citoyen au contact direct des\u00a0partenaires locaux et internationaux.<\/p>\n<p>[\/et_pb_text][et_pb_accordion open_toggle_text_color=\u00a0\u00bb#515151&Prime; closed_toggle_text_color=\u00a0\u00bb#515151&Prime; closed_toggle_background_color=\u00a0\u00bb#dbdbdb\u00a0\u00bb icon_color=\u00a0\u00bb#2895d3&Prime; admin_label=\u00a0\u00bbAccordion\u00a0\u00bb _builder_version=\u00a0\u00bb4.16&Prime; toggle_text_color=\u00a0\u00bb#515151&Prime; use_border_color=\u00a0\u00bboff\u00a0\u00bb border_color=\u00a0\u00bb#ffffff\u00a0\u00bb border_width=\u00a0\u00bb1px\u00a0\u00bb border_style=\u00a0\u00bbsolid\u00a0\u00bb global_colors_info=\u00a0\u00bb{}\u00a0\u00bb][et_pb_accordion_item title=\u00a0\u00bbSensibilisation au dialogue interculturel\u00a0\u00bb open=\u00a0\u00bbon\u00a0\u00bb _builder_version=\u00a0\u00bb4.16&Prime; use_border_color=\u00a0\u00bboff\u00a0\u00bb border_color=\u00a0\u00bb#ffffff\u00a0\u00bb border_width=\u00a0\u00bb1px\u00a0\u00bb border_style=\u00a0\u00bbsolid\u00a0\u00bb global_colors_info=\u00a0\u00bb{}\u00a0\u00bb]<\/p>\n<p style=\"text-align: justify;\">La sensibilisation \u00e0 l&rsquo;interculturel se fait d&rsquo;une mani\u00e8re diff\u00e9rente chez Ici\u00e9la. En effet, nous avons entre autres mis en place le projet\u00a0Pangaya afin de rapprocher les jeunes de divers peuples francophones. Par le biais de vid\u00e9os sur des enjeux communs, les jeunes de diff\u00e9rentes cultures sont sensibilis\u00e9s aux r\u00e9alit\u00e9s diff\u00e9rentes de chacun.<\/p>\n<p>[\/et_pb_accordion_item][et_pb_accordion_item title=\u00a0\u00bbGestion collaborative\u00a0\u00bb _builder_version=\u00a0\u00bb4.16&Prime; use_border_color=\u00a0\u00bboff\u00a0\u00bb border_color=\u00a0\u00bb#ffffff\u00a0\u00bb border_width=\u00a0\u00bb1px\u00a0\u00bb border_style=\u00a0\u00bbsolid\u00a0\u00bb global_colors_info=\u00a0\u00bb{}\u00a0\u00bb open=\u00a0\u00bboff\u00a0\u00bb]<\/p>\n<p style=\"text-align: justify;\">La gestion collaborative propos\u00e9e par Ici\u00e9la est bas\u00e9e sur des rapports \u00e9galitaires avec les partenaires et les b\u00e9n\u00e9voles et la mise en commun des forces de chacun. Ainsi, chacun est valoris\u00e9 dans ce qu\u2019il peut apporter \u00e0 l\u2019organisme et peut cheminer tant au niveau organisationnel que relationnel, en d\u00e9veloppant des relations solides et durables avec les autres membres.<\/p>\n<p style=\"text-align: justify;\">Que repr\u00e9sente la gestion collaborative pour les b\u00e9n\u00e9voles ?<\/p>\n<ul style=\"text-align: justify;\">\n<li>un espace de libre expression o\u00f9 leur contribution est valoris\u00e9e et leur influence ressentie jusque dans les sph\u00e8res d\u00e9cisionnelles;<\/li>\n<li>une opportunit\u00e9 d\u2019utiliser ses forces tout en d\u00e9veloppant de nouvelles comp\u00e9tences;<\/li>\n<li>un environnement inclusif et participatif propice \u00e0 l\u2019innovation.<\/li>\n<\/ul>\n<p style=\"text-align: justify;\">Que repr\u00e9sente la gestion collaborative pour les partenaires ?<\/p>\n<ul>\n<li style=\"text-align: justify;\">des rapports \u00e9galitaires et inclusifs propices \u00e0 la co-cr\u00e9ation et \u00e0 l\u2019apprentissage mutuel;<\/li>\n<li style=\"text-align: justify;\">la mise en commun d\u2019expertises et de comp\u00e9tences diversifi\u00e9es afin de contribuer au changement social;<\/li>\n<li style=\"text-align: justify;\">des relations solides et durables permettant de cheminer conjointement tout en maintenant l\u2019ind\u00e9pendance de chacun des partenaires.<\/li>\n<\/ul>\n<p>[\/et_pb_accordion_item][et_pb_accordion_item title=\u00a0\u00bbParcours d&rsquo;engagement b\u00e9n\u00e9vole\u00a0\u00bb _builder_version=\u00a0\u00bb4.16&Prime; use_border_color=\u00a0\u00bboff\u00a0\u00bb border_color=\u00a0\u00bb#ffffff\u00a0\u00bb border_width=\u00a0\u00bb1px\u00a0\u00bb border_style=\u00a0\u00bbsolid\u00a0\u00bb global_colors_info=\u00a0\u00bb{}\u00a0\u00bb open=\u00a0\u00bboff\u00a0\u00bb]<\/p>\n<p style=\"text-align: justify;\">L\u2019approche innovante d\u2019Ici\u00e9la se situe \u00e9galement au niveau de l\u2019implication b\u00e9n\u00e9vole. En effet, nous ne cherchons pas seulement \u00e0 recruter des b\u00e9n\u00e9voles qui contribueront \u00e0 notre cause, nous souhaitons que ceux-ci puissent retirer de leur engagement quelque chose de profitable d\u2019un point de vu personnel et professionnel. C\u2019est pourquoi nous avons cr\u00e9\u00e9 un parcours d\u2019engagement personnalis\u00e9 selon les forces et les d\u00e9sirs de chaque b\u00e9n\u00e9vole, afin que chacun ait ses propres objectifs \u00e0 accomplir en plus des objectifs communs de l\u2019organisme.\u00a0Ainsi, leur motivation ne d\u00e9coule pas seulement de la mission de l\u2019organisme, mais \u00e9galement de leurs propres ambitions personnelles et professionnelles. Pour en savoir plus sur le parcours d\u2019engagement, rendez-vous <a title=\"Parcours d\u2019engagement\" href=\"http:\/\/www.iciela.org\/wp\/?page_id=596\">ici<\/a>.<\/p>\n<p>[\/et_pb_accordion_item][et_pb_accordion_item title=\u00a0\u00bbEngagement citoyen\u00a0\u00bb _builder_version=\u00a0\u00bb4.16&Prime; use_border_color=\u00a0\u00bboff\u00a0\u00bb border_color=\u00a0\u00bb#ffffff\u00a0\u00bb border_width=\u00a0\u00bb1px\u00a0\u00bb border_style=\u00a0\u00bbsolid\u00a0\u00bb global_colors_info=\u00a0\u00bb{}\u00a0\u00bb open=\u00a0\u00bboff\u00a0\u00bb]<\/p>\n<p style=\"text-align: justify;\">L\u2019engagement citoyen fait aussi partie de l\u2019approche innovante d\u2019Ici\u00e9la. En effet, en plus d\u2019\u00eatre un organisme \u00e0 vis\u00e9e communautaire, nous souhaitons \u00e9galement encourager la participation citoyenne et l\u2019engagement social, en particulier chez les jeunes. Nous croyons que les jeunes ont un r\u00e9el pouvoir de changer les choses et qu\u2019il faut seulement leur montrer\u00a0qu\u2019ils poss\u00e8dent ce pouvoir d\u2019action et d\u2019influence, notamment au niveau de la sph\u00e8re publique.<\/p>\n<p>[\/et_pb_accordion_item][et_pb_accordion_item title=\u00a0\u00bbVis\u00e9e p\u00e9dagogique\u00a0\u00bb _builder_version=\u00a0\u00bb4.16&Prime; use_border_color=\u00a0\u00bboff\u00a0\u00bb border_color=\u00a0\u00bb#ffffff\u00a0\u00bb border_width=\u00a0\u00bb1px\u00a0\u00bb border_style=\u00a0\u00bbsolid\u00a0\u00bb global_colors_info=\u00a0\u00bb{}\u00a0\u00bb open=\u00a0\u00bboff\u00a0\u00bb]<\/p>\n<p style=\"text-align: justify;\">Ici\u00e9la se fait un devoir d&rsquo;\u00e9duquer les jeunes et les moins jeunes \u00e0 la diversit\u00e9 et au dialogue interculturel. Pour se faire, nous avons d\u00e9velopp\u00e9 plusieurs activit\u00e9s et projets qui permettent cet objectif, telle que la plateforme Pangaya.tv, des ateliers scolaires\u00a0et\u00a0des \u00e9v\u00e8nements publics. Pour en savoir plus sur nos activit\u00e9s et nos projets, rendez-vous <a title=\"Activit\u00e9s et projets\" href=\"?page_id=23\">ici<\/a>!<\/p>\n<p>[\/et_pb_accordion_item][\/et_pb_accordion][et_pb_text admin_label=\u00a0\u00bbText\u00a0\u00bb _builder_version=\u00a0\u00bb4.16&Prime; background_size=\u00a0\u00bbinitial\u00a0\u00bb background_position=\u00a0\u00bbtop_left\u00a0\u00bb background_repeat=\u00a0\u00bbrepeat\u00a0\u00bb use_border_color=\u00a0\u00bboff\u00a0\u00bb border_style=\u00a0\u00bbsolid\u00a0\u00bb global_colors_info=\u00a0\u00bb{}\u00a0\u00bb]Ici\u00e9la est un organisme unique qui peut r\u00e9ellement t&rsquo;apporter quelque chose en tant que b\u00e9n\u00e9vole.\u00a0<a title=\"Devenir b\u00e9n\u00e9vole\" href=\"http:\/\/iciela.us8.list-manage.com\/subscribe?u=93482a1336ef15539498adfa5&amp;id=6d00305040\">Implique-toi<\/a>\u00a0sans plus tarder!<br \/>\n[\/et_pb_text][\/et_pb_column][et_pb_column type=\u00a0\u00bb1_3&Prime; _builder_version=\u00a0\u00bb4.16&Prime; custom_padding=\u00a0\u00bb|||\u00a0\u00bb global_colors_info=\u00a0\u00bb{}\u00a0\u00bb custom_padding__hover=\u00a0\u00bb|||\u00a0\u00bb][et_pb_testimonial author=\u00a0\u00bbJacynthe Poisson\u00a0\u00bb job_title=\u00a0\u00bbB\u00e9n\u00e9vole\u00a0\u00bb url_new_window=\u00a0\u00bbon\u00a0\u00bb quote_icon_color=\u00a0\u00bb#515151&Prime; admin_label=\u00a0\u00bbTestimonial\u00a0\u00bb _builder_version=\u00a0\u00bb4.16&Prime; body_text_color=\u00a0\u00bb#515151&Prime; background_color=\u00a0\u00bb#dbdbdb\u00a0\u00bb background_size=\u00a0\u00bbinitial\u00a0\u00bb background_position=\u00a0\u00bbtop_left\u00a0\u00bb background_repeat=\u00a0\u00bbrepeat\u00a0\u00bb text_orientation=\u00a0\u00bbcenter\u00a0\u00bb use_border_color=\u00a0\u00bboff\u00a0\u00bb border_style=\u00a0\u00bbsolid\u00a0\u00bb global_colors_info=\u00a0\u00bb{}\u00a0\u00bb]<span style=\"color: #515151;\"> Ce que j&rsquo;ai beaucoup aim\u00e9, ce sont les t\u00e9l\u00e9phones avec les partenaires, pouvoir leur parler des projets, leur demander comment ils vont et \u00e9tablir une relations de confiance avec eux. <\/span><br \/>\n[\/et_pb_testimonial][et_pb_video src=\u00a0\u00bbhttps:\/\/youtu.be\/9eRxpQV8CU0&Prime; admin_label=\u00a0\u00bbVid\u00e9o\u00a0\u00bb _builder_version=\u00a0\u00bb4.16&Prime; global_colors_info=\u00a0\u00bb{}\u00a0\u00bb] [\/et_pb_video][\/et_pb_column][\/et_pb_row][et_pb_row admin_label=\u00a0\u00bbLigne\u00a0\u00bb _builder_version=\u00a0\u00bb4.16&Prime; background_size=\u00a0\u00bbinitial\u00a0\u00bb background_position=\u00a0\u00bbtop_left\u00a0\u00bb background_repeat=\u00a0\u00bbrepeat\u00a0\u00bb global_colors_info=\u00a0\u00bb{}\u00a0\u00bb][et_pb_column type=\u00a0\u00bb4_4&Prime; _builder_version=\u00a0\u00bb4.16&Prime; custom_padding=\u00a0\u00bb|||\u00a0\u00bb global_colors_info=\u00a0\u00bb{}\u00a0\u00bb custom_padding__hover=\u00a0\u00bb|||\u00a0\u00bb][et_pb_image src=\u00a0\u00bbhttp:\/\/www.iciela.org\/wp\/wp-content\/uploads\/2024\/05\/Capture-decran-le-2024-05-07-a-01.54.28.png\u00a0\u00bb _builder_version=\u00a0\u00bb4.19.0&Prime; _module_preset=\u00a0\u00bbdefault\u00a0\u00bb title_text=\u00a0\u00bbCapture d\u2019e\u0301cran, le 2024-05-07 a\u0300 01.54.28&Prime;][\/et_pb_image][\/et_pb_column][\/et_pb_row][\/et_pb_section]<\/p>\n","protected":false},"excerpt":{"rendered":"<p>UNE APPROCHE NOVATRICE POURQUOI UNE APPROCHE NOVATRICE? Ici\u00e9la se distingue des autres structures enti\u00e8rement b\u00e9n\u00e9voles par son souci de l&rsquo;inclusion et de la participation des membres et des partenaires en [&hellip;]<\/p>\n","protected":false},"author":4,"featured_media":0,"parent":0,"menu_order":0,"comment_status":"open","ping_status":"open","template":"","meta":{"give_campaign_id":0,"_et_pb_use_builder":"on","_et_pb_old_content":"","_et_gb_content_width":"","_EventAllDay":false,"_EventTimezone":"","_EventStartDate":"","_EventEndDate":"","_EventStartDateUTC":"","_EventEndDateUTC":"","_EventShowMap":false,"_EventShowMapLink":false,"_EventURL":"","_EventCost":"","_EventCostDescription":"","_EventCurrencySymbol":"","_EventCurrencyCode":"","_EventCurrencyPosition":"","_EventDateTimeSeparator":"","_EventTimeRangeSeparator":"","_EventOrganizerID":[],"_EventVenueID":[],"_OrganizerEmail":"","_OrganizerPhone":"","_OrganizerWebsite":"","_VenueAddress":"","_VenueCity":"","_VenueCountry":"","_VenueProvince":"","_VenueState":"","_VenueZip":"","_VenuePhone":"","_VenueURL":"","_VenueStateProvince":"","_VenueLat":"","_VenueLng":"","_VenueShowMap":false,"_VenueShowMapLink":false,"_kadence_starter_templates_imported_post":false,"footnotes":""},"class_list":["post-231","page","type-page","status-publish","hentry"],"campaignId":"","_links":{"self":[{"href":"http:\/\/www.iciela.org\/wp\/wp-json\/wp\/v2\/pages\/231","targetHints":{"allow":["GET"]}}],"collection":[{"href":"http:\/\/www.iciela.org\/wp\/wp-json\/wp\/v2\/pages"}],"about":[{"href":"http:\/\/www.iciela.org\/wp\/wp-json\/wp\/v2\/types\/page"}],"author":[{"embeddable":true,"href":"http:\/\/www.iciela.org\/wp\/wp-json\/wp\/v2\/users\/4"}],"replies":[{"embeddable":true,"href":"http:\/\/www.iciela.org\/wp\/wp-json\/wp\/v2\/comments?post=231"}],"version-history":[{"count":68,"href":"http:\/\/www.iciela.org\/wp\/wp-json\/wp\/v2\/pages\/231\/revisions"}],"predecessor-version":[{"id":27925,"href":"http:\/\/www.iciela.org\/wp\/wp-json\/wp\/v2\/pages\/231\/revisions\/27925"}],"wp:attachment":[{"href":"http:\/\/www.iciela.org\/wp\/wp-json\/wp\/v2\/media?parent=231"}],"curies":[{"name":"wp","href":"https:\/\/api.w.org\/{rel}","templated":true}]}}